{"id":316,"date":"2017-09-06T17:56:34","date_gmt":"2017-09-06T15:56:34","guid":{"rendered":"https:\/\/tempete.cegepgarneau.ca\/?page_id=316"},"modified":"2025-12-04T16:04:39","modified_gmt":"2025-12-04T15:04:39","slug":"garneau-enquete","status":"publish","type":"page","link":"https:\/\/tempete.cegepgarneau.ca\/index.php\/garneau-enquete\/","title":{"rendered":"Garneau enqu\u00eate"},"content":{"rendered":"<p>[et_pb_section fb_built=\u00a0\u00bb1&Prime; _builder_version=\u00a0\u00bb4.27.3&Prime; background_image=\u00a0\u00bbhttps:\/\/tempete.cegepgarneau.ca\/wp-content\/uploads\/2025\/12\/Tempete-sciences_bandeau-web_sans-logo_1.jpg\u00a0\u00bb hover_enabled=\u00a0\u00bb0&Prime; global_colors_info=\u00a0\u00bb{}\u00a0\u00bb title_text=\u00a0\u00bbTempe\u0302te sciences_bandeau web_sans logo_1&Prime; sticky_enabled=\u00a0\u00bb0&Prime;][et_pb_row _builder_version=\u00a0\u00bb4.16&Prime; background_size=\u00a0\u00bbinitial\u00a0\u00bb background_position=\u00a0\u00bbtop_left\u00a0\u00bb background_repeat=\u00a0\u00bbrepeat\u00a0\u00bb global_colors_info=\u00a0\u00bb{}\u00a0\u00bb][et_pb_column type=\u00a0\u00bb4_4&Prime; _builder_version=\u00a0\u00bb4.16&Prime; custom_padding=\u00a0\u00bb|||\u00a0\u00bb global_colors_info=\u00a0\u00bb{}\u00a0\u00bb custom_padding__hover=\u00a0\u00bb|||\u00a0\u00bb][\/et_pb_column][\/et_pb_row][\/et_pb_section][et_pb_section fb_built=\u00a0\u00bb1&Prime; _builder_version=\u00a0\u00bb4.16&Prime; background_color=\u00a0\u00bb#ffffff\u00a0\u00bb global_colors_info=\u00a0\u00bb{}\u00a0\u00bb][et_pb_row column_structure=\u00a0\u00bb2_3,1_3&Prime; _builder_version=\u00a0\u00bb4.16&Prime; background_size=\u00a0\u00bbinitial\u00a0\u00bb background_position=\u00a0\u00bbtop_left\u00a0\u00bb background_repeat=\u00a0\u00bbrepeat\u00a0\u00bb custom_padding=\u00a0\u00bb27px|||||\u00a0\u00bb global_colors_info=\u00a0\u00bb{}\u00a0\u00bb][et_pb_column type=\u00a0\u00bb2_3&Prime; _builder_version=\u00a0\u00bb4.16&Prime; custom_padding=\u00a0\u00bb|||\u00a0\u00bb global_colors_info=\u00a0\u00bb{}\u00a0\u00bb custom_padding__hover=\u00a0\u00bb|||\u00a0\u00bb][et_pb_image src=\u00a0\u00bbhttps:\/\/tempete.cegepgarneau.ca\/wp-content\/uploads\/2025\/09\/Logo-Garneau-Enquete_Couleur.png\u00a0\u00bb title_text=\u00a0\u00bbLogo&#8212;Garneau-Enquete_Couleur\u00a0\u00bb _builder_version=\u00a0\u00bb4.27.3&Prime; _module_preset=\u00a0\u00bbdefault\u00a0\u00bb width=\u00a0\u00bb62%\u00a0\u00bb global_colors_info=\u00a0\u00bb{}\u00a0\u00bb][\/et_pb_image][et_pb_text admin_label=\u00a0\u00bbIntro secondaire\u00a0\u00bb _builder_version=\u00a0\u00bb4.16&Prime; border_style=\u00a0\u00bbsolid\u00a0\u00bb global_colors_info=\u00a0\u00bb{}\u00a0\u00bb]<\/p>\n<div id=\"page\" class=\"hfeed site\">\n<div id=\"content\" class=\"site-content\">\n<div id=\"secondary\" class=\"widget-area front-widget-area\" role=\"complementary\">\n<div class=\"first front-widgets\">\n<aside id=\"text-3\" class=\"widget widget_text\">\n<div class=\"textwidget\">\n<h1><strong><\/strong><\/h1>\n<h1>11 et 12 mars 2026<\/h1>\n<p><strong>400 places disponibles (200 en avant-midi; 200 en apr\u00e8s-midi pour chaque jour) | 8 $ + taxes par \u00e9l\u00e8ve, gratuit pour les personnes accompagnatrices<\/strong><\/p>\n<p>L\u2019activit\u00e9 se veut \u00eatre une activit\u00e9 ludique mariant les sciences et le domaine judiciaire. Il est possible d\u2019accueillir environ 200 \u00e9l\u00e8ves du secondaire en avant-midi et autant en apr\u00e8s-midi. Les \u00e9l\u00e8ves ont 2 h 30 pour parvenir \u00e0 trouver un meurtrier ainsi que ce qui l\u2019a motiv\u00e9. Le tout, \u00e0 l\u2019aide d\u2019indices qui forcent \u00e0 r\u00e9fl\u00e9chir, \u00e0 manipuler, \u00e0 exp\u00e9rimenter, etc.<\/p>\n<p>Afin de pr\u00e9parer les \u00e9l\u00e8ves \u00e0 l\u2019\u00e9v\u00e9nement, une trousse d\u2019accompagnement incluant du mat\u00e9riel p\u00e9dagogique sera remise \u00e0 un responsable de chacune des \u00e9coles inscrites.<\/p>\n<\/div>\n<\/aside>\n<\/div>\n<\/div>\n<\/div>\n<\/div>\n<p>[\/et_pb_text][\/et_pb_column][et_pb_column type=\u00a0\u00bb1_3&Prime; _builder_version=\u00a0\u00bb4.16&Prime; custom_padding=\u00a0\u00bb|||\u00a0\u00bb global_colors_info=\u00a0\u00bb{}\u00a0\u00bb custom_padding__hover=\u00a0\u00bb|||\u00a0\u00bb][et_pb_text admin_label=\u00a0\u00bbContactez-nous secondaire\u00a0\u00bb _builder_version=\u00a0\u00bb4.16&Prime; background_color=\u00a0\u00bb#000000&Prime; text_orientation=\u00a0\u00bbcenter\u00a0\u00bb background_layout=\u00a0\u00bbdark\u00a0\u00bb module_alignment=\u00a0\u00bbcenter\u00a0\u00bb custom_padding=\u00a0\u00bb20px|10px|20px|10px\u00a0\u00bb border_style=\u00a0\u00bbsolid\u00a0\u00bb global_colors_info=\u00a0\u00bb{}\u00a0\u00bb]<\/p>\n<h3><strong>Vous avez besoin d\u2019information? <\/strong><br \/><strong>Communiquez avec nous!<\/strong><\/h3>\n<p><b>Marc B\u00e9langer<br \/><\/b>Professeur de chimie et<br \/>responsable de Garneau Enqu\u00eate<br \/>418 688-8310, poste <span>3556<\/span><br \/><a href=\"mailto:mblelanger@cegepgarneau.ca\">mbelanger@cegepgarneau.ca<\/a><\/p>\n<p>[\/et_pb_text][\/et_pb_column][\/et_pb_row][et_pb_row column_structure=\u00a0\u00bb1_3,1_3,1_3&Prime; _builder_version=\u00a0\u00bb4.16&Prime; background_size=\u00a0\u00bbinitial\u00a0\u00bb background_position=\u00a0\u00bbtop_left\u00a0\u00bb background_repeat=\u00a0\u00bbrepeat\u00a0\u00bb global_colors_info=\u00a0\u00bb{}\u00a0\u00bb][et_pb_column type=\u00a0\u00bb1_3&Prime; _builder_version=\u00a0\u00bb4.16&Prime; custom_padding=\u00a0\u00bb|||\u00a0\u00bb global_colors_info=\u00a0\u00bb{}\u00a0\u00bb custom_padding__hover=\u00a0\u00bb|||\u00a0\u00bb][et_pb_team_member name=\u00a0\u00bbActivit\u00e9 | Garneau Enqu\u00eate\u00a0\u00bb position=\u00a0\u00bb400 places disponibles\u00a0\u00bb admin_label=\u00a0\u00bbPhoto CSI\u00a0\u00bb _builder_version=\u00a0\u00bb4.16&Prime; border_style=\u00a0\u00bbsolid\u00a0\u00bb global_colors_info=\u00a0\u00bb{}\u00a0\u00bb]<img loading=\"lazy\" decoding=\"async\" class=\"alignnone size-full wp-image-380\" src=\"https:\/\/tempete.cegepgarneau.ca\/wp-content\/uploads\/2017\/09\/CSI-Garneau.png\" alt=\"\" width=\"527\" height=\"493\" srcset=\"https:\/\/tempete.cegepgarneau.ca\/wp-content\/uploads\/2017\/09\/CSI-Garneau.png 527w, https:\/\/tempete.cegepgarneau.ca\/wp-content\/uploads\/2017\/09\/CSI-Garneau-300x281.png 300w\" sizes=\"auto, (max-width: 527px) 100vw, 527px\" \/><br \/>\n[\/et_pb_team_member][\/et_pb_column][et_pb_column type=\u00a0\u00bb1_3&Prime; _builder_version=\u00a0\u00bb4.16&Prime; custom_padding=\u00a0\u00bb|||\u00a0\u00bb global_colors_info=\u00a0\u00bb{}\u00a0\u00bb custom_padding__hover=\u00a0\u00bb|||\u00a0\u00bb][\/et_pb_column][et_pb_column type=\u00a0\u00bb1_3&Prime; _builder_version=\u00a0\u00bb4.16&Prime; custom_padding=\u00a0\u00bb|||\u00a0\u00bb global_colors_info=\u00a0\u00bb{}\u00a0\u00bb custom_padding__hover=\u00a0\u00bb|||\u00a0\u00bb][\/et_pb_column][\/et_pb_row][\/et_pb_section][et_pb_section fb_built=\u00a0\u00bb1&Prime; _builder_version=\u00a0\u00bb4.16&Prime; background_color=\u00a0\u00bb#000000&Prime; global_colors_info=\u00a0\u00bb{}\u00a0\u00bb][et_pb_row column_structure=\u00a0\u00bb1_3,1_3,1_3&Prime; _builder_version=\u00a0\u00bb4.16&Prime; background_size=\u00a0\u00bbinitial\u00a0\u00bb background_position=\u00a0\u00bbtop_left\u00a0\u00bb background_repeat=\u00a0\u00bbrepeat\u00a0\u00bb global_colors_info=\u00a0\u00bb{}\u00a0\u00bb][et_pb_column type=\u00a0\u00bb1_3&Prime; _builder_version=\u00a0\u00bb4.16&Prime; custom_padding=\u00a0\u00bb|||\u00a0\u00bb global_colors_info=\u00a0\u00bb{}\u00a0\u00bb custom_padding__hover=\u00a0\u00bb|||\u00a0\u00bb][et_pb_text admin_label=\u00a0\u00bbTitre horaire\u00a0\u00bb _builder_version=\u00a0\u00bb4.16&Prime; background_layout=\u00a0\u00bbdark\u00a0\u00bb border_style=\u00a0\u00bbsolid\u00a0\u00bb global_colors_info=\u00a0\u00bb{}\u00a0\u00bb]<\/p>\n<h1><strong>Exemple d&rsquo;horaire<br \/>Garneau Enqu\u00eate<br \/>(\u00e9dition 2024)<\/strong><\/h1>\n<p>[\/et_pb_text][\/et_pb_column][et_pb_column type=\u00a0\u00bb1_3&Prime; _builder_version=\u00a0\u00bb4.16&Prime; custom_padding=\u00a0\u00bb|||\u00a0\u00bb global_colors_info=\u00a0\u00bb{}\u00a0\u00bb custom_padding__hover=\u00a0\u00bb|||\u00a0\u00bb][et_pb_text admin_label=\u00a0\u00bbOption AM\u00a0\u00bb _builder_version=\u00a0\u00bb4.16&Prime; background_layout=\u00a0\u00bbdark\u00a0\u00bb border_style=\u00a0\u00bbsolid\u00a0\u00bb global_colors_info=\u00a0\u00bb{}\u00a0\u00bb]<\/p>\n<h3>Option AM<\/h3>\n<p>[\/et_pb_text][et_pb_text admin_label=\u00a0\u00bbHoraire 9 h 30&Prime; _builder_version=\u00a0\u00bb4.16&Prime; background_layout=\u00a0\u00bbdark\u00a0\u00bb border_style=\u00a0\u00bbsolid\u00a0\u00bb global_colors_info=\u00a0\u00bb{}\u00a0\u00bb]<\/p>\n<h3>9\u00a0h 30<\/h3>\n<p>Arriv\u00e9e et accueil au pavillon A<\/p>\n<p>[\/et_pb_text][et_pb_text admin_label=\u00a0\u00bbHoraire 10 \u00e0 12 h\u00a0\u00bb _builder_version=\u00a0\u00bb4.16&Prime; background_layout=\u00a0\u00bbdark\u00a0\u00bb border_style=\u00a0\u00bbsolid\u00a0\u00bb global_colors_info=\u00a0\u00bb{}\u00a0\u00bb]<\/p>\n<h3>10 h \u00e0 12 h<\/h3>\n<p>Activit\u00e9 Garneau Enqu\u00eate<\/p>\n<p>[\/et_pb_text][et_pb_text admin_label=\u00a0\u00bbHoraire 12 h 15&Prime; _builder_version=\u00a0\u00bb4.16&Prime; background_layout=\u00a0\u00bbdark\u00a0\u00bb border_style=\u00a0\u00bbsolid\u00a0\u00bb global_colors_info=\u00a0\u00bb{}\u00a0\u00bb]<\/p>\n<h3>12 h 15<\/h3>\n<p>D\u00e9part<em><br \/>\n<\/em><br \/>\n[\/et_pb_text][\/et_pb_column][et_pb_column type=\u00a0\u00bb1_3&Prime; _builder_version=\u00a0\u00bb4.16&Prime; custom_padding=\u00a0\u00bb|||\u00a0\u00bb global_colors_info=\u00a0\u00bb{}\u00a0\u00bb custom_padding__hover=\u00a0\u00bb|||\u00a0\u00bb][et_pb_text admin_label=\u00a0\u00bbOption PM\u00a0\u00bb _builder_version=\u00a0\u00bb4.16&Prime; background_layout=\u00a0\u00bbdark\u00a0\u00bb border_style=\u00a0\u00bbsolid\u00a0\u00bb global_colors_info=\u00a0\u00bb{}\u00a0\u00bb]<\/p>\n<h3>Option\u00a0PM<\/h3>\n<p>[\/et_pb_text][et_pb_text admin_label=\u00a0\u00bbHoraire 12 h 30&Prime; _builder_version=\u00a0\u00bb4.16&Prime; background_layout=\u00a0\u00bbdark\u00a0\u00bb border_style=\u00a0\u00bbsolid\u00a0\u00bb global_colors_info=\u00a0\u00bb{}\u00a0\u00bb]<\/p>\n<h3>12 h 30<\/h3>\n<p>Arriv\u00e9e\u00a0 et accueil au pavillon A<\/p>\n<p>[\/et_pb_text][et_pb_text admin_label=\u00a0\u00bbHoraire 13 h \u00e0 15 h\u00a0\u00bb _builder_version=\u00a0\u00bb4.16&Prime; background_layout=\u00a0\u00bbdark\u00a0\u00bb border_style=\u00a0\u00bbsolid\u00a0\u00bb global_colors_info=\u00a0\u00bb{}\u00a0\u00bb]<\/p>\n<h3>13 h\u00a0\u00e0 15 h<\/h3>\n<p>Activit\u00e9 Garneau Enqu\u00eate<\/p>\n<p>[\/et_pb_text][et_pb_text admin_label=\u00a0\u00bbHoraire 15 h 15&Prime; _builder_version=\u00a0\u00bb4.16&Prime; background_layout=\u00a0\u00bbdark\u00a0\u00bb border_style=\u00a0\u00bbsolid\u00a0\u00bb global_colors_info=\u00a0\u00bb{}\u00a0\u00bb]<\/p>\n<h3>15 h 15<\/h3>\n<p>D\u00e9part<br \/>\n[\/et_pb_text][\/et_pb_column][\/et_pb_row][\/et_pb_section][et_pb_section fb_built=\u00a0\u00bb1&Prime; _builder_version=\u00a0\u00bb4.16&Prime; global_colors_info=\u00a0\u00bb{}\u00a0\u00bb][et_pb_row _builder_version=\u00a0\u00bb4.16&Prime; background_size=\u00a0\u00bbinitial\u00a0\u00bb background_position=\u00a0\u00bbtop_left\u00a0\u00bb background_repeat=\u00a0\u00bbrepeat\u00a0\u00bb global_colors_info=\u00a0\u00bb{}\u00a0\u00bb][et_pb_column type=\u00a0\u00bb4_4&Prime; _builder_version=\u00a0\u00bb4.16&Prime; custom_padding=\u00a0\u00bb|||\u00a0\u00bb global_colors_info=\u00a0\u00bb{}\u00a0\u00bb custom_padding__hover=\u00a0\u00bb|||\u00a0\u00bb][et_pb_text admin_label=\u00a0\u00bbTitre FAQ\u00a0\u00bb _builder_version=\u00a0\u00bb4.16&Prime; border_style=\u00a0\u00bbsolid\u00a0\u00bb global_colors_info=\u00a0\u00bb{}\u00a0\u00bb]<\/p>\n<h1><strong>Foire aux questions (FAQ)<\/strong><\/h1>\n<p>[\/et_pb_text][et_pb_accordion admin_label=\u00a0\u00bbAccord\u00e9on FAQ\u00a0\u00bb _builder_version=\u00a0\u00bb4.27.3&Prime; border_style=\u00a0\u00bbsolid\u00a0\u00bb global_colors_info=\u00a0\u00bb{}\u00a0\u00bb][et_pb_accordion_item title=\u00a0\u00bbQuels sont les co\u00fbts pour les activit\u00e9s?\u00a0\u00bb open=\u00a0\u00bbon\u00a0\u00bb _builder_version=\u00a0\u00bb4.16&Prime; global_colors_info=\u00a0\u00bb{}\u00a0\u00bb]<\/p>\n<p>&nbsp;<\/p>\n<ul>\n<li>8 $ + taxes par \u00e9l\u00e8ve, gratuit pour les personnes accompagnatrices.<\/li>\n<\/ul>\n<p>[\/et_pb_accordion_item][et_pb_accordion_item title=\u00a0\u00bbPuis-je faire l&rsquo;activit\u00e9 le matin et l&rsquo;apr\u00e8s-midi?\u00a0\u00bb _builder_version=\u00a0\u00bb4.16&Prime; global_colors_info=\u00a0\u00bb{}\u00a0\u00bb open=\u00a0\u00bboff\u00a0\u00bb]Non, il s\u2019agit de la m\u00eame activit\u00e9 le matin et l\u2019apr\u00e8s-midi pour permettre \u00e0 plus de gens d\u2019y participer.<\/p>\n<p>&nbsp;<\/p>\n<p>&nbsp;<br \/>\n[\/et_pb_accordion_item][et_pb_accordion_item title=\u00a0\u00bbY a-t-il un stationnement pour les autobus?\u00a0\u00bb _builder_version=\u00a0\u00bb4.16&Prime; global_colors_info=\u00a0\u00bb{}\u00a0\u00bb open=\u00a0\u00bboff\u00a0\u00bb]Oui. Les autobus peuvent stationner sans frais dans le stationnement de la zone 1, derri\u00e8re le Centre sportif.<\/p>\n<p>&nbsp;<br \/>\n[\/et_pb_accordion_item][et_pb_accordion_item title=\u00a0\u00bbPuis-je venir avec ma classe m\u00eame si je n\u2019enseigne pas en 4\u1d49 secondaire?\u00a0\u00bb _builder_version=\u00a0\u00bb4.27.3&Prime; global_colors_info=\u00a0\u00bb{}\u00a0\u00bb open=\u00a0\u00bboff\u00a0\u00bb]<\/p>\n<p>Nous donnons priorit\u00e9 aux groupes de secondaire 4, mais il n\u2019est pas exclu d\u2019accueillir des groupes de secondaire 3 et 5. Contactez <a href=\"mailto:mbelanger@cegepgarneau.ca\">Marc B\u00e9langer<\/a>\u00a0pour plus de d\u00e9tails.<\/p>\n<p>[\/et_pb_accordion_item][et_pb_accordion_item title=\u00a0\u00bbPouvons-nous d\u00eener sur place?\u00a0\u00bb _builder_version=\u00a0\u00bb4.27.3&Prime; global_colors_info=\u00a0\u00bb{}\u00a0\u00bb open=\u00a0\u00bboff\u00a0\u00bb]<\/p>\n<p>Cela n\u2019est pas possible pour tout le monde car les espaces du C\u00e9gep sont utilis\u00e9s en grande partie pour l\u2019\u00e9v\u00e9nement. Il est par contre possible de contacter la personne responsable du volet secondaire, <a href=\"mailto:mbelanger@cegepgarneau.ca\">Marc B\u00e9langer<\/a>, pour voir les possibilit\u00e9s.<\/p>\n<p>[\/et_pb_accordion_item][et_pb_accordion_item title=\u00a0\u00bbQuand me sera livr\u00e9e la trousse?\u00a0\u00bb _builder_version=\u00a0\u00bb4.27.3&Prime; global_colors_info=\u00a0\u00bb{}\u00a0\u00bb open=\u00a0\u00bboff\u00a0\u00bb]<\/p>\n<p>Vers la fin f\u00e9vrier.<\/p>\n<p>[\/et_pb_accordion_item][et_pb_accordion_item title=\u00a0\u00bbQuelle est la date limite d\u2019inscription?\u00a0\u00bb _builder_version=\u00a0\u00bb4.27.3&Prime; global_colors_info=\u00a0\u00bb{}\u00a0\u00bb open=\u00a0\u00bboff\u00a0\u00bb]<\/p>\n<p>Il n\u2019y a pas de date limite. Par contre, les places sont limit\u00e9es.<\/p>\n<p>[\/et_pb_accordion_item][et_pb_accordion_item title=\u00a0\u00bbComment effectuer l\u2019inscription?\u00a0\u00bb _builder_version=\u00a0\u00bb4.27.3&Prime; global_colors_info=\u00a0\u00bb{}\u00a0\u00bb open=\u00a0\u00bboff\u00a0\u00bb]<\/p>\n<p>&nbsp;<\/p>\n<p>Contactez le responsable du Volet secondaire, <a href=\"mailto:mbelanger@cegepgarneau.ca\">Marc B\u00e9langer<\/a>.<\/p>\n<p>&nbsp;<\/p>\n<p>[\/et_pb_accordion_item][et_pb_accordion_item title=\u00a0\u00bbEst-ce que les frais de transport sont couverts par le C\u00e9gep?\u00a0\u00bb _builder_version=\u00a0\u00bb4.27.3&Prime; global_colors_info=\u00a0\u00bb{}\u00a0\u00bb open=\u00a0\u00bboff\u00a0\u00bb]<\/p>\n<p>&nbsp;<\/p>\n<p>Le C\u00e9gep ne peut malheureusement pas d\u00e9frayer les co\u00fbts pour le transport.<\/p>\n<p>[\/et_pb_accordion_item][\/et_pb_accordion][\/et_pb_column][\/et_pb_row][\/et_pb_section]<\/p>\n","protected":false},"excerpt":{"rendered":"<p>11 et 12 mars 2026 400 places disponibles (200 en avant-midi; 200 en apr\u00e8s-midi pour chaque jour) | 8 $ + taxes par \u00e9l\u00e8ve, gratuit pour les personnes accompagnatrices L\u2019activit\u00e9 se veut \u00eatre une activit\u00e9 ludique mariant les sciences et le domaine judiciaire. Il est possible d\u2019accueillir environ 200 \u00e9l\u00e8ves du secondaire en avant-midi et [&hellip;]<\/p>\n","protected":false},"author":1,"featured_media":0,"parent":0,"menu_order":0,"comment_status":"closed","ping_status":"closed","template":"","meta":{"_et_pb_use_builder":"on","_et_pb_old_content":"","_et_gb_content_width":"","_monsterinsights_skip_tracking":false,"_monsterinsights_sitenote_active":false,"_monsterinsights_sitenote_note":"","_monsterinsights_sitenote_category":0,"footnotes":""},"class_list":["post-316","page","type-page","status-publish","hentry"],"_links":{"self":[{"href":"https:\/\/tempete.cegepgarneau.ca\/index.php\/wp-json\/wp\/v2\/pages\/316","targetHints":{"allow":["GET"]}}],"collection":[{"href":"https:\/\/tempete.cegepgarneau.ca\/index.php\/wp-json\/wp\/v2\/pages"}],"about":[{"href":"https:\/\/tempete.cegepgarneau.ca\/index.php\/wp-json\/wp\/v2\/types\/page"}],"author":[{"embeddable":true,"href":"https:\/\/tempete.cegepgarneau.ca\/index.php\/wp-json\/wp\/v2\/users\/1"}],"replies":[{"embeddable":true,"href":"https:\/\/tempete.cegepgarneau.ca\/index.php\/wp-json\/wp\/v2\/comments?post=316"}],"version-history":[{"count":83,"href":"https:\/\/tempete.cegepgarneau.ca\/index.php\/wp-json\/wp\/v2\/pages\/316\/revisions"}],"predecessor-version":[{"id":1109,"href":"https:\/\/tempete.cegepgarneau.ca\/index.php\/wp-json\/wp\/v2\/pages\/316\/revisions\/1109"}],"wp:attachment":[{"href":"https:\/\/tempete.cegepgarneau.ca\/index.php\/wp-json\/wp\/v2\/media?parent=316"}],"curies":[{"name":"wp","href":"https:\/\/api.w.org\/{rel}","templated":true}]}}