{"id":319,"date":"2017-09-06T17:58:34","date_gmt":"2017-09-06T15:58:34","guid":{"rendered":"https:\/\/tempete.cegepgarneau.ca\/?page_id=319"},"modified":"2025-12-04T17:21:19","modified_gmt":"2025-12-04T16:21:19","slug":"editions-anterieures","status":"publish","type":"page","link":"https:\/\/tempete.cegepgarneau.ca\/index.php\/editions-anterieures\/","title":{"rendered":"\u00c9ditions ant\u00e9rieures"},"content":{"rendered":"<p>[et_pb_section fb_built=\u00a0\u00bb1&Prime; _builder_version=\u00a0\u00bb4.27.3&Prime; background_image=\u00a0\u00bbhttps:\/\/tempete.cegepgarneau.ca\/wp-content\/uploads\/2025\/12\/Tempete-sciences_bandeau-web_sans-logo_1.jpg\u00a0\u00bb global_colors_info=\u00a0\u00bb{}\u00a0\u00bb][et_pb_row _builder_version=\u00a0\u00bb4.16&Prime; background_size=\u00a0\u00bbinitial\u00a0\u00bb background_position=\u00a0\u00bbtop_left\u00a0\u00bb background_repeat=\u00a0\u00bbrepeat\u00a0\u00bb global_colors_info=\u00a0\u00bb{}\u00a0\u00bb][et_pb_column type=\u00a0\u00bb4_4&Prime; _builder_version=\u00a0\u00bb4.16&Prime; custom_padding=\u00a0\u00bb|||\u00a0\u00bb global_colors_info=\u00a0\u00bb{}\u00a0\u00bb custom_padding__hover=\u00a0\u00bb|||\u00a0\u00bb][\/et_pb_column][\/et_pb_row][\/et_pb_section][et_pb_section fb_built=\u00a0\u00bb1&Prime; fullwidth=\u00a0\u00bbon\u00a0\u00bb _builder_version=\u00a0\u00bb4.27.3&Prime; _module_preset=\u00a0\u00bbdefault\u00a0\u00bb global_colors_info=\u00a0\u00bb{}\u00a0\u00bb][\/et_pb_section][et_pb_section fb_built=\u00a0\u00bb1&Prime; _builder_version=\u00a0\u00bb4.27.3&Prime; background_enable_image=\u00a0\u00bboff\u00a0\u00bb min_height=\u00a0\u00bb459.9px\u00a0\u00bb custom_padding=\u00a0\u00bb||0px|||\u00a0\u00bb locked=\u00a0\u00bboff\u00a0\u00bb global_colors_info=\u00a0\u00bb{}\u00a0\u00bb][et_pb_row _builder_version=\u00a0\u00bb4.16&Prime; background_size=\u00a0\u00bbinitial\u00a0\u00bb background_position=\u00a0\u00bbtop_left\u00a0\u00bb background_repeat=\u00a0\u00bbrepeat\u00a0\u00bb global_colors_info=\u00a0\u00bb{}\u00a0\u00bb][et_pb_column type=\u00a0\u00bb4_4&Prime; _builder_version=\u00a0\u00bb4.16&Prime; custom_padding=\u00a0\u00bb|||\u00a0\u00bb global_colors_info=\u00a0\u00bb{}\u00a0\u00bb custom_padding__hover=\u00a0\u00bb|||\u00a0\u00bb][et_pb_text admin_label=\u00a0\u00bbTitre \u00c9ditions pr\u00e9c\u00e9dentes\u00a0\u00bb _builder_version=\u00a0\u00bb4.16&Prime; global_colors_info=\u00a0\u00bb{}\u00a0\u00bb]<\/p>\n<h1><strong>La Temp\u00eate au fil des \u00e9ditions!<\/strong><\/h1>\n<p>[\/et_pb_text][et_pb_tabs active_tab_background_color=\u00a0\u00bbrgba(0,0,0,0)\u00a0\u00bb admin_label=\u00a0\u00bbOnglets Archives \u00e9ditions\u00a0\u00bb _builder_version=\u00a0\u00bb4.27.3&Prime; body_font=\u00a0\u00bbLato||||\u00a0\u00bb body_font_size=\u00a0\u00bb18&Prime; tab_font=\u00a0\u00bbLato||||\u00a0\u00bb tab_font_size=\u00a0\u00bb25&Prime; border_style=\u00a0\u00bbsolid\u00a0\u00bb global_colors_info=\u00a0\u00bb{}\u00a0\u00bb][et_pb_tab title=\u00a0\u00bb2024&Prime; _builder_version=\u00a0\u00bb4.27.3&Prime; body_font=\u00a0\u00bb||||\u00a0\u00bb body_font_size=\u00a0\u00bb15&Prime; tab_font=\u00a0\u00bb||||\u00a0\u00bb tab_font_size=\u00a0\u00bb20&Prime; background_size=\u00a0\u00bbinitial\u00a0\u00bb background_position=\u00a0\u00bbtop_left\u00a0\u00bb background_repeat=\u00a0\u00bbrepeat\u00a0\u00bb body_font_size_tablet=\u00a0\u00bb15&Prime; body_font_size_phone=\u00a0\u00bb15&Prime; tab_font_size_tablet=\u00a0\u00bb20&Prime; tab_font_size_phone=\u00a0\u00bb20&Prime; global_colors_info=\u00a0\u00bb{}\u00a0\u00bb]<\/p>\n<h3>La science au c\u0153ur de la soci\u00e9t\u00e9<\/h3>\n<p>Sous la pr\u00e9sidence d\u2019honneur de Sylvain Moineau<br \/>Professeur au D\u00e9partement de biochimie, de microbiologie et de bio-informatique de la Facult\u00e9 des sciences et de g\u00e9nie de l\u2019Universit\u00e9 Laval<\/p>\n<p>Conf\u00e9rence d\u2019ouverture par Jacques Th\u00e9berge, sergent d\u2019\u00e9tat-major (s.\u00e9.-m) au sein de la Gendarmerie Royale du Canada (GRC)<\/p>\n<p><a href=\"https:\/\/tempete.cegepgarneau.ca\/wp-content\/uploads\/2024\/04\/Brochure_Tempete-des-sciences-_2024_VF.pdf\">Programmation<\/a> \u00bb<\/p>\n<p>[\/et_pb_tab][et_pb_tab title=\u00a0\u00bb2022&Prime; _builder_version=\u00a0\u00bb4.16&Prime; body_font=\u00a0\u00bb||||\u00a0\u00bb body_font_size=\u00a0\u00bb15&Prime; tab_font=\u00a0\u00bb||||\u00a0\u00bb tab_font_size=\u00a0\u00bb20&Prime; background_size=\u00a0\u00bbinitial\u00a0\u00bb background_position=\u00a0\u00bbtop_left\u00a0\u00bb background_repeat=\u00a0\u00bbrepeat\u00a0\u00bb body_font_size_tablet=\u00a0\u00bb15&Prime; body_font_size_phone=\u00a0\u00bb15&Prime; tab_font_size_tablet=\u00a0\u00bb20&Prime; tab_font_size_phone=\u00a0\u00bb20&Prime; global_colors_info=\u00a0\u00bb{}\u00a0\u00bb]<\/p>\n<h3>Quand sciences et environnement font \u00e9quipe!<\/h3>\n<p>Sous la pr\u00e9sidence d\u2019honneur de\u00a0R\u00e9mi Quirion<br \/>Scientifique en chef du Qu\u00e9bec<\/p>\n<p>Conf\u00e9rence d\u2019ouverture par\u00a0J\u00e9r\u00f4me Dupras, Ph.D.<br \/>Professeur agr\u00e9g\u00e9, D\u00e9partement des sciences naturelles<br \/>Chercheur, Institut des sciences de la for\u00eat temp\u00e9r\u00e9e<br \/>Universit\u00e9 du Qu\u00e9bec en Outaouais<\/p>\n<p>&nbsp;<\/p>\n<p>[\/et_pb_tab][et_pb_tab title=\u00a0\u00bb2020&Prime; _builder_version=\u00a0\u00bb4.16&Prime; body_font=\u00a0\u00bb||||\u00a0\u00bb body_font_size=\u00a0\u00bb15&Prime; tab_font=\u00a0\u00bb||||\u00a0\u00bb tab_font_size=\u00a0\u00bb20&Prime; background_size=\u00a0\u00bbinitial\u00a0\u00bb background_position=\u00a0\u00bbtop_left\u00a0\u00bb background_repeat=\u00a0\u00bbrepeat\u00a0\u00bb body_font_size_tablet=\u00a0\u00bb15&Prime; body_font_size_phone=\u00a0\u00bb15&Prime; tab_font_size_tablet=\u00a0\u00bb20&Prime; tab_font_size_phone=\u00a0\u00bb20&Prime; global_colors_info=\u00a0\u00bb{}\u00a0\u00bb]<\/p>\n<p>\u00a0Malheureusement, en raison de la pand\u00e9mie de COVID-19, l\u2019\u00e9dition 2020 a \u00e9t\u00e9 annul\u00e9e.<\/p>\n<p>&nbsp;<\/p>\n<p>[\/et_pb_tab][et_pb_tab title=\u00a0\u00bb2018&Prime; _builder_version=\u00a0\u00bb4.16&Prime; body_font=\u00a0\u00bb||||\u00a0\u00bb body_font_size=\u00a0\u00bb15&Prime; tab_font=\u00a0\u00bb||||\u00a0\u00bb tab_font_size=\u00a0\u00bb20&Prime; background_size=\u00a0\u00bbinitial\u00a0\u00bb background_position=\u00a0\u00bbtop_left\u00a0\u00bb background_repeat=\u00a0\u00bbrepeat\u00a0\u00bb body_font_size_tablet=\u00a0\u00bb15&Prime; body_font_size_phone=\u00a0\u00bb15&Prime; tab_font_size_tablet=\u00a0\u00bb20&Prime; tab_font_size_phone=\u00a0\u00bb20&Prime; global_colors_info=\u00a0\u00bb{}\u00a0\u00bb]<\/p>\n<h3>Partout la science!<\/h3>\n<p>Sous la pr\u00e9sidence d\u2019honneur de Normand Voyer<br \/>\nConf\u00e9rencier et professeur<br \/>\nD\u00e9partement de chimie<br \/>\nUniversit\u00e9 Laval<\/p>\n<p>Conf\u00e9rence d\u2019ouverture par Olivier Bernard (Le Pharmachien)<br \/>\nPharmacien, auteur et conf\u00e9rencier<br \/>\n[\/et_pb_tab][et_pb_tab title=\u00a0\u00bb2016&Prime; _builder_version=\u00a0\u00bb4.16&Prime; body_font=\u00a0\u00bb||||\u00a0\u00bb body_font_size=\u00a0\u00bb15&Prime; tab_font=\u00a0\u00bb||||\u00a0\u00bb tab_font_size=\u00a0\u00bb20&Prime; background_size=\u00a0\u00bbinitial\u00a0\u00bb background_position=\u00a0\u00bbtop_left\u00a0\u00bb background_repeat=\u00a0\u00bbrepeat\u00a0\u00bb body_font_size_tablet=\u00a0\u00bb15&Prime; body_font_size_phone=\u00a0\u00bb15&Prime; tab_font_size_tablet=\u00a0\u00bb20&Prime; tab_font_size_phone=\u00a0\u00bb20&Prime; global_colors_info=\u00a0\u00bb{}\u00a0\u00bb]<\/p>\n<h3>La Temp\u00eate s\u2019\u00e9clate\u2026 dans l\u2019alimentation et la sant\u00e9!<\/h3>\n<p>Sous la pr\u00e9sidence d\u2019honneur de monsieur Pierre Lavoie<br \/>\nAthl\u00e8te, conf\u00e9rencier et motivateur, initiateur du Grand d\u00e9fi Pierre-Lavoie<\/p>\n<p>Conf\u00e9rence d\u2019ouverture par Jean-Pierre Despr\u00e9s<br \/>\nProfesseur, Universit\u00e9 Laval<br \/>\nDirecteur de la recherche en cardiologie<br \/>\nInstitut universitaire de cardiologie et de pneumologie de Qu\u00e9bec<br \/>\n[\/et_pb_tab][et_pb_tab title=\u00a0\u00bb2014&Prime; _builder_version=\u00a0\u00bb4.16&Prime; body_font=\u00a0\u00bb||||\u00a0\u00bb body_font_size=\u00a0\u00bb15&Prime; tab_font=\u00a0\u00bb||||\u00a0\u00bb tab_font_size=\u00a0\u00bb20&Prime; background_size=\u00a0\u00bbinitial\u00a0\u00bb background_position=\u00a0\u00bbtop_left\u00a0\u00bb background_repeat=\u00a0\u00bbrepeat\u00a0\u00bb body_font_size_tablet=\u00a0\u00bb15&Prime; body_font_size_phone=\u00a0\u00bb15&Prime; tab_font_size_tablet=\u00a0\u00bb20&Prime; tab_font_size_phone=\u00a0\u00bb20&Prime; global_colors_info=\u00a0\u00bb{}\u00a0\u00bb]<\/p>\n<h3>La Temp\u00eate s\u2019\u00e9clate\u2026 dans les technologies!<\/h3>\n<p>Sous la pr\u00e9sidence d\u2019honneur de madame Natalie Quirion<br \/>\nDirectrice g\u00e9n\u00e9rale du Parc technologique du Qu\u00e9bec m\u00e9tropolitain<\/p>\n<p>Conf\u00e9rence d\u2019ouverture : Devenir astronaute<br \/>\npar David Saint-Jacques, astronaute qu\u00e9b\u00e9cois de l\u2019Agence spatiale canadienne<br \/>\n[\/et_pb_tab][et_pb_tab title=\u00a0\u00bb2012&Prime; _builder_version=\u00a0\u00bb4.16&Prime; body_font=\u00a0\u00bb||||\u00a0\u00bb body_font_size=\u00a0\u00bb15&Prime; tab_font=\u00a0\u00bb||||\u00a0\u00bb tab_font_size=\u00a0\u00bb20&Prime; background_size=\u00a0\u00bbinitial\u00a0\u00bb background_position=\u00a0\u00bbtop_left\u00a0\u00bb background_repeat=\u00a0\u00bbrepeat\u00a0\u00bb body_font_size_tablet=\u00a0\u00bb15&Prime; body_font_size_phone=\u00a0\u00bb15&Prime; tab_font_size_tablet=\u00a0\u00bb20&Prime; tab_font_size_phone=\u00a0\u00bb20&Prime; global_colors_info=\u00a0\u00bb{}\u00a0\u00bb]<\/p>\n<h3>La Temp\u00eate s\u2019\u00e9clate\u2026 dans les arts!<\/h3>\n<p>Sous la pr\u00e9sidence d\u2019honneur de monsieur Pierre Chastenay<br \/>\nAstronome au Plan\u00e9tarium de Montr\u00e9al et animateur du Code Chastenay \u00e0 l\u2019antenne de T\u00e9l\u00e9-Qu\u00e9bec<\/p>\n<p>Conf\u00e9rence d\u2019ouverture : La mati\u00e8re chante ses \u00e9tats<br \/>\npar Yvon Fortin, professeur de physique au C\u00e9gep,\u00a0 cofondateur du CDSP, vulgarisateur scientifique et r\u00e9cipiendaire du Prix Michael-Smith 2007 pour sa contribution exceptionnelle \u00e0 la promotion des sciences au Canada.<\/p>\n<p>Conf\u00e9rencier invit\u00e9 : monsieur Luc Langevin<br \/>\nIllusionniste et animateur de la s\u00e9rie Comme par magie \u00e0 l\u2019antenne de ARTV et de Radio-Canada.<br \/>\n[\/et_pb_tab][et_pb_tab title=\u00a0\u00bb2010&Prime; _builder_version=\u00a0\u00bb4.16&Prime; body_font=\u00a0\u00bb||||\u00a0\u00bb body_font_size=\u00a0\u00bb15&Prime; tab_font=\u00a0\u00bb||||\u00a0\u00bb tab_font_size=\u00a0\u00bb20&Prime; background_size=\u00a0\u00bbinitial\u00a0\u00bb background_position=\u00a0\u00bbtop_left\u00a0\u00bb background_repeat=\u00a0\u00bbrepeat\u00a0\u00bb body_font_size_tablet=\u00a0\u00bb15&Prime; body_font_size_phone=\u00a0\u00bb15&Prime; tab_font_size_tablet=\u00a0\u00bb20&Prime; tab_font_size_phone=\u00a0\u00bb20&Prime; global_colors_info=\u00a0\u00bb{}\u00a0\u00bb]<\/p>\n<h3>\u00c0 vos marques! Pr\u00eats? Pensez!<\/h3>\n<p>Sous la pr\u00e9sidence d\u2019honneur de monsieur Paul-Andr\u00e9 Gaudreault<br \/>\nProfesseur retrait\u00e9 au D\u00e9partement de math\u00e9matiques<\/p>\n<p>Conf\u00e9rence d\u2019ouverture<br \/>\npar Dr Michel Bergeron, professeur titulaire et directeur du Centre de Recherche en Infectiologie de l\u2019Universit\u00e9 Laval<br \/>\n[\/et_pb_tab][et_pb_tab title=\u00a0\u00bb2008&Prime; _builder_version=\u00a0\u00bb4.16&Prime; body_font=\u00a0\u00bb||||\u00a0\u00bb body_font_size=\u00a0\u00bb15&Prime; tab_font=\u00a0\u00bb||||\u00a0\u00bb tab_font_size=\u00a0\u00bb20&Prime; background_size=\u00a0\u00bbinitial\u00a0\u00bb background_position=\u00a0\u00bbtop_left\u00a0\u00bb background_repeat=\u00a0\u00bbrepeat\u00a0\u00bb body_font_size_tablet=\u00a0\u00bb13&Prime; body_font_size_phone=\u00a0\u00bb13&Prime; tab_font_size_tablet=\u00a0\u00bb20&Prime; tab_font_size_phone=\u00a0\u00bb20&Prime; global_colors_info=\u00a0\u00bb{}\u00a0\u00bb]<\/p>\n<h3>Les sciences en t\u00eate,<br \/>La science en f\u00eate,<br \/>\u00c0 Garneau, c\u2019est la Temp\u00eate!<\/h3>\n<p>Sous la pr\u00e9sidence d\u2019honneur de monsieur Bernard Drouin<br \/>Professeur retrait\u00e9 au D\u00e9partement de physique<\/p>\n<p>Conf\u00e9rence d\u2019ouverture<br \/>par monsieur Martin Fortier, directeur ex\u00e9cutif d\u2019ArticNet, Universit\u00e9 Laval<\/p>\n<p>[\/et_pb_tab][\/et_pb_tabs][\/et_pb_column][\/et_pb_row][\/et_pb_section][et_pb_section fb_built=\u00a0\u00bb1&Prime; theme_builder_area=\u00a0\u00bbpost_content\u00a0\u00bb _builder_version=\u00a0\u00bb4.27.3&Prime; _module_preset=\u00a0\u00bbdefault\u00a0\u00bb background_color=\u00a0\u00bb#000000&Prime; hover_enabled=\u00a0\u00bb0&Prime; sticky_enabled=\u00a0\u00bb0&Prime;][et_pb_row column_structure=\u00a0\u00bb1_3,2_3&Prime; _builder_version=\u00a0\u00bb4.16&Prime; background_size=\u00a0\u00bbinitial\u00a0\u00bb background_position=\u00a0\u00bbtop_left\u00a0\u00bb background_repeat=\u00a0\u00bbrepeat\u00a0\u00bb custom_padding=\u00a0\u00bb27px|0px|54px|0px\u00a0\u00bb hover_enabled=\u00a0\u00bb0&Prime; global_colors_info=\u00a0\u00bb{}\u00a0\u00bb sticky_enabled=\u00a0\u00bb0&Prime; locked=\u00a0\u00bboff\u00a0\u00bb theme_builder_area=\u00a0\u00bbpost_content\u00a0\u00bb][et_pb_column type=\u00a0\u00bb1_3&Prime; _builder_version=\u00a0\u00bb4.16&Prime; custom_padding=\u00a0\u00bb|||\u00a0\u00bb global_colors_info=\u00a0\u00bb{}\u00a0\u00bb custom_padding__hover=\u00a0\u00bb|||\u00a0\u00bb theme_builder_area=\u00a0\u00bbpost_content\u00a0\u00bb][et_pb_gallery gallery_ids=\u00a0\u00bb144,145,146,147,148,149,150,151,152,153,154,155,156&Prime; posts_number=\u00a0\u00bb1&Prime; show_title_and_caption=\u00a0\u00bboff\u00a0\u00bb admin_label=\u00a0\u00bbGalerie photos\u00a0\u00bb _builder_version=\u00a0\u00bb4.16&Prime; global_colors_info=\u00a0\u00bb{}\u00a0\u00bb theme_builder_area=\u00a0\u00bbpost_content\u00a0\u00bb][\/et_pb_gallery][\/et_pb_column][et_pb_column type=\u00a0\u00bb2_3&Prime; _builder_version=\u00a0\u00bb4.16&Prime; custom_padding=\u00a0\u00bb|||\u00a0\u00bb hover_enabled=\u00a0\u00bb0&Prime; global_colors_info=\u00a0\u00bb{}\u00a0\u00bb custom_padding__hover=\u00a0\u00bb|||\u00a0\u00bb theme_builder_area=\u00a0\u00bbpost_content\u00a0\u00bb sticky_enabled=\u00a0\u00bb0&Prime;][et_pb_video_slider controls_color=\u00a0\u00bblight\u00a0\u00bb admin_label=\u00a0\u00bbD\u00e9filement vid\u00e9o YouTube\u00a0\u00bb _builder_version=\u00a0\u00bb4.27.3&Prime; hover_enabled=\u00a0\u00bb0&Prime; global_colors_info=\u00a0\u00bb{}\u00a0\u00bb custom_padding=\u00a0\u00bb||1px|||\u00a0\u00bb theme_builder_area=\u00a0\u00bbpost_content\u00a0\u00bb sticky_enabled=\u00a0\u00bb0&Prime;][et_pb_video_slider_item src=\u00a0\u00bbhttps:\/\/www.youtube.com\/watch?v=25URscMDO3s\u00a0\u00bb _builder_version=\u00a0\u00bb4.27.3&Prime; global_colors_info=\u00a0\u00bb{}\u00a0\u00bb show_image_overlay=\u00a0\u00bboff\u00a0\u00bb theme_builder_area=\u00a0\u00bbpost_content\u00a0\u00bb][\/et_pb_video_slider_item][et_pb_video_slider_item src=\u00a0\u00bbhttps:\/\/youtu.be\/n6huRhcCzJk\u00a0\u00bb src_webm=\u00a0\u00bbhttps:\/\/youtu.be\/n6huRhcCzJk\u00a0\u00bb _builder_version=\u00a0\u00bb4.15.1&Prime; _module_preset=\u00a0\u00bbdefault\u00a0\u00bb global_colors_info=\u00a0\u00bb{}\u00a0\u00bb show_image_overlay=\u00a0\u00bboff\u00a0\u00bb theme_builder_area=\u00a0\u00bbpost_content\u00a0\u00bb][\/et_pb_video_slider_item][et_pb_video_slider_item src=\u00a0\u00bbhttps:\/\/youtu.be\/himlHH31_yY\u00a0\u00bb _builder_version=\u00a0\u00bb3.0.47&Prime; global_colors_info=\u00a0\u00bb{}\u00a0\u00bb show_image_overlay=\u00a0\u00bboff\u00a0\u00bb theme_builder_area=\u00a0\u00bbpost_content\u00a0\u00bb][\/et_pb_video_slider_item][et_pb_video_slider_item src=\u00a0\u00bbhttps:\/\/www.youtube.com\/watch?v=NItPluV1oMc\u00a0\u00bb _builder_version=\u00a0\u00bb3.0.47&Prime; global_colors_info=\u00a0\u00bb{}\u00a0\u00bb show_image_overlay=\u00a0\u00bboff\u00a0\u00bb theme_builder_area=\u00a0\u00bbpost_content\u00a0\u00bb][\/et_pb_video_slider_item][\/et_pb_video_slider][\/et_pb_column][\/et_pb_row][\/et_pb_section][et_pb_section fb_built=\u00a0\u00bb1&Prime; _builder_version=\u00a0\u00bb4.16&Prime; custom_padding=\u00a0\u00bb13px||5px|||\u00a0\u00bb global_colors_info=\u00a0\u00bb{}\u00a0\u00bb][et_pb_row _builder_version=\u00a0\u00bb4.16&Prime; background_size=\u00a0\u00bbinitial\u00a0\u00bb background_position=\u00a0\u00bbtop_left\u00a0\u00bb background_repeat=\u00a0\u00bbrepeat\u00a0\u00bb global_colors_info=\u00a0\u00bb{}\u00a0\u00bb][et_pb_column type=\u00a0\u00bb4_4&Prime; _builder_version=\u00a0\u00bb4.16&Prime; custom_padding=\u00a0\u00bb|||\u00a0\u00bb global_colors_info=\u00a0\u00bb{}\u00a0\u00bb custom_padding__hover=\u00a0\u00bb|||\u00a0\u00bb][et_pb_text admin_label=\u00a0\u00bbContactez-nous\u00a0\u00bb _builder_version=\u00a0\u00bb4.16&Prime; background_color=\u00a0\u00bb#0c71c3&Prime; text_orientation=\u00a0\u00bbcenter\u00a0\u00bb background_layout=\u00a0\u00bbdark\u00a0\u00bb module_alignment=\u00a0\u00bbcenter\u00a0\u00bb custom_padding=\u00a0\u00bb20px||20px|\u00a0\u00bb border_style=\u00a0\u00bbsolid\u00a0\u00bb global_colors_info=\u00a0\u00bb{}\u00a0\u00bb]<\/p>\n<blockquote>\n<h3>Des questions? <strong><a href=\"mailto:tds@cegepgarneau.ca\">Communiquez avec nous!<\/a><\/strong><\/h3>\n<\/blockquote>\n<p>[\/et_pb_text][\/et_pb_column][\/et_pb_row][\/et_pb_section][et_pb_section fb_built=\u00a0\u00bb1&Prime; _builder_version=\u00a0\u00bb4.16&Prime; background_color=\u00a0\u00bb#000000&Prime; global_colors_info=\u00a0\u00bb{}\u00a0\u00bb][et_pb_row column_structure=\u00a0\u00bb1_3,1_3,1_3&Prime; _builder_version=\u00a0\u00bb4.16&Prime; background_size=\u00a0\u00bbinitial\u00a0\u00bb background_position=\u00a0\u00bbtop_left\u00a0\u00bb background_repeat=\u00a0\u00bbrepeat\u00a0\u00bb global_colors_info=\u00a0\u00bb{}\u00a0\u00bb][et_pb_column type=\u00a0\u00bb1_3&Prime; _builder_version=\u00a0\u00bb4.16&Prime; custom_padding=\u00a0\u00bb|||\u00a0\u00bb global_colors_info=\u00a0\u00bb{}\u00a0\u00bb custom_padding__hover=\u00a0\u00bb|||\u00a0\u00bb][et_pb_text admin_label=\u00a0\u00bbTitre horaire\u00a0\u00bb _builder_version=\u00a0\u00bb4.16&Prime; background_layout=\u00a0\u00bbdark\u00a0\u00bb border_style=\u00a0\u00bbsolid\u00a0\u00bb global_colors_info=\u00a0\u00bb{}\u00a0\u00bb]<\/p>\n<h1><strong>Exemple d&rsquo;horaire<br \/>(\u00e9dition 2024)<\/strong><\/h1>\n<p>[\/et_pb_text][\/et_pb_column][et_pb_column type=\u00a0\u00bb1_3&Prime; _builder_version=\u00a0\u00bb4.16&Prime; custom_padding=\u00a0\u00bb|||\u00a0\u00bb global_colors_info=\u00a0\u00bb{}\u00a0\u00bb custom_padding__hover=\u00a0\u00bb|||\u00a0\u00bb][et_pb_text admin_label=\u00a0\u00bbHoraire 7 h 45&Prime; _builder_version=\u00a0\u00bb4.16&Prime; background_layout=\u00a0\u00bbdark\u00a0\u00bb border_style=\u00a0\u00bbsolid\u00a0\u00bb global_colors_info=\u00a0\u00bb{}\u00a0\u00bb]<\/p>\n<h3>7 h 45<\/h3>\n<p>Accueil des \u00e9tudiants<br \/>\n[\/et_pb_text][et_pb_text admin_label=\u00a0\u00bbHoraire 8 h\u00a0\u00bb _builder_version=\u00a0\u00bb4.16&Prime; background_layout=\u00a0\u00bbdark\u00a0\u00bb border_style=\u00a0\u00bbsolid\u00a0\u00bb global_colors_info=\u00a0\u00bb{}\u00a0\u00bb]<\/p>\n<h3>8 h<strong><br \/>\n<\/strong><\/h3>\n<p>Accueil des collaborateurs<br \/>\n[\/et_pb_text][et_pb_text admin_label=\u00a0\u00bbHoraire 8 h 30&Prime; _builder_version=\u00a0\u00bb4.16&Prime; background_layout=\u00a0\u00bbdark\u00a0\u00bb border_style=\u00a0\u00bbsolid\u00a0\u00bb global_colors_info=\u00a0\u00bb{}\u00a0\u00bb]<\/p>\n<h3>8 h 30<strong><br \/>\n<\/strong><\/h3>\n<p>Arriv\u00e9e au Centre sportif<br \/>\n[\/et_pb_text][et_pb_text admin_label=\u00a0\u00bbHoraire 8 h 45&Prime; _builder_version=\u00a0\u00bb4.16&Prime; background_layout=\u00a0\u00bbdark\u00a0\u00bb border_style=\u00a0\u00bbsolid\u00a0\u00bb global_colors_info=\u00a0\u00bb{}\u00a0\u00bb]<\/p>\n<h3>8 h 45<strong><br \/><\/strong><\/h3>\n<p>C\u00e9r\u00e9monie d\u2019ouverture (Centre sportif)<br \/>\u2013\u00a0 Mots de bienvenue<\/p>\n<p>Allocution de Sylvain Moineau<br \/>\u2013\u00a0 Conf\u00e9rence de Jacques Th\u00e9berge<\/p>\n<p>[\/et_pb_text][et_pb_text admin_label=\u00a0\u00bbHoraire 10 h 30&Prime; _builder_version=\u00a0\u00bb4.16&Prime; background_layout=\u00a0\u00bbdark\u00a0\u00bb border_style=\u00a0\u00bbsolid\u00a0\u00bb global_colors_info=\u00a0\u00bb{}\u00a0\u00bb]<\/p>\n<h3>10 h 30<strong><br \/>\n<\/strong><\/h3>\n<p>Pause<br \/>\n[\/et_pb_text][\/et_pb_column][et_pb_column type=\u00a0\u00bb1_3&Prime; _builder_version=\u00a0\u00bb4.16&Prime; custom_padding=\u00a0\u00bb|||\u00a0\u00bb global_colors_info=\u00a0\u00bb{}\u00a0\u00bb custom_padding__hover=\u00a0\u00bb|||\u00a0\u00bb][et_pb_text admin_label=\u00a0\u00bbHoraire 11 h\u00a0\u00bb _builder_version=\u00a0\u00bb4.16&Prime; background_layout=\u00a0\u00bbdark\u00a0\u00bb border_style=\u00a0\u00bbsolid\u00a0\u00bb global_colors_info=\u00a0\u00bb{}\u00a0\u00bb]<\/p>\n<h3>11 h<strong><br \/>\n<\/strong><\/h3>\n<p>Atelier bloc 100<br \/>\nSalon des exposants (salle des Pas perdus)<br \/>\n[\/et_pb_text][et_pb_text admin_label=\u00a0\u00bbHoraire 12 h\u00a0\u00bb _builder_version=\u00a0\u00bb4.16&Prime; background_layout=\u00a0\u00bbdark\u00a0\u00bb border_style=\u00a0\u00bbsolid\u00a0\u00bb global_colors_info=\u00a0\u00bb{}\u00a0\u00bb]<\/p>\n<h3>12 h<strong><br \/>\n<\/strong><\/h3>\n<p>D\u00eener<br \/>\n[\/et_pb_text][et_pb_text admin_label=\u00a0\u00bbHoraire 13 h 30&Prime; _builder_version=\u00a0\u00bb4.16&Prime; background_layout=\u00a0\u00bbdark\u00a0\u00bb border_style=\u00a0\u00bbsolid\u00a0\u00bb global_colors_info=\u00a0\u00bb{}\u00a0\u00bb]<\/p>\n<h3>13 h 30<strong><br \/>\n<\/strong><\/h3>\n<p>Atelier bloc 200<br \/>\nSalon des exposants (salle des Pas perdus)<br \/>\n[\/et_pb_text][et_pb_text admin_label=\u00a0\u00bbHoraire 14 h 30&Prime; _builder_version=\u00a0\u00bb4.16&Prime; background_layout=\u00a0\u00bbdark\u00a0\u00bb border_style=\u00a0\u00bbsolid\u00a0\u00bb global_colors_info=\u00a0\u00bb{}\u00a0\u00bb]<\/p>\n<h3>14 h 30<strong><br \/>\n<\/strong><\/h3>\n<p>Pause<br \/>\n[\/et_pb_text][et_pb_text admin_label=\u00a0\u00bbHoraire 14 h 45&Prime; _builder_version=\u00a0\u00bb4.16&Prime; background_layout=\u00a0\u00bbdark\u00a0\u00bb border_style=\u00a0\u00bbsolid\u00a0\u00bb global_colors_info=\u00a0\u00bb{}\u00a0\u00bb]<\/p>\n<h3>14 h 45<strong><br \/>\n<\/strong><\/h3>\n<p>Atelier bloc 300<br \/>\nSalon des exposants (salle des Pas perdus)<br \/>\n[\/et_pb_text][\/et_pb_column][\/et_pb_row][\/et_pb_section][et_pb_section fb_built=\u00a0\u00bb1&Prime; _builder_version=\u00a0\u00bb4.16&Prime; global_colors_info=\u00a0\u00bb{}\u00a0\u00bb][\/et_pb_section]<\/p>\n","protected":false},"excerpt":{"rendered":"<p>La Temp\u00eate au fil des \u00e9ditions! La science au c\u0153ur de la soci\u00e9t\u00e9 Sous la pr\u00e9sidence d\u2019honneur de Sylvain MoineauProfesseur au D\u00e9partement de biochimie, de microbiologie et de bio-informatique de la Facult\u00e9 des sciences et de g\u00e9nie de l\u2019Universit\u00e9 Laval Conf\u00e9rence d\u2019ouverture par Jacques Th\u00e9berge, sergent d\u2019\u00e9tat-major (s.\u00e9.-m) au sein de la Gendarmerie Royale du [&hellip;]<\/p>\n","protected":false},"author":1,"featured_media":0,"parent":0,"menu_order":0,"comment_status":"closed","ping_status":"closed","template":"","meta":{"_et_pb_use_builder":"on","_et_pb_old_content":"","_et_gb_content_width":"","_monsterinsights_skip_tracking":false,"_monsterinsights_sitenote_active":false,"_monsterinsights_sitenote_note":"","_monsterinsights_sitenote_category":0,"footnotes":""},"class_list":["post-319","page","type-page","status-publish","hentry"],"_links":{"self":[{"href":"https:\/\/tempete.cegepgarneau.ca\/index.php\/wp-json\/wp\/v2\/pages\/319","targetHints":{"allow":["GET"]}}],"collection":[{"href":"https:\/\/tempete.cegepgarneau.ca\/index.php\/wp-json\/wp\/v2\/pages"}],"about":[{"href":"https:\/\/tempete.cegepgarneau.ca\/index.php\/wp-json\/wp\/v2\/types\/page"}],"author":[{"embeddable":true,"href":"https:\/\/tempete.cegepgarneau.ca\/index.php\/wp-json\/wp\/v2\/users\/1"}],"replies":[{"embeddable":true,"href":"https:\/\/tempete.cegepgarneau.ca\/index.php\/wp-json\/wp\/v2\/comments?post=319"}],"version-history":[{"count":59,"href":"https:\/\/tempete.cegepgarneau.ca\/index.php\/wp-json\/wp\/v2\/pages\/319\/revisions"}],"predecessor-version":[{"id":1117,"href":"https:\/\/tempete.cegepgarneau.ca\/index.php\/wp-json\/wp\/v2\/pages\/319\/revisions\/1117"}],"wp:attachment":[{"href":"https:\/\/tempete.cegepgarneau.ca\/index.php\/wp-json\/wp\/v2\/media?parent=319"}],"curies":[{"name":"wp","href":"https:\/\/api.w.org\/{rel}","templated":true}]}}