{"id":84,"date":"2017-08-30T21:05:29","date_gmt":"2017-08-30T19:05:29","guid":{"rendered":"https:\/\/tempete.cegepgarneau.ca\/?page_id=84"},"modified":"2025-12-12T21:54:30","modified_gmt":"2025-12-12T20:54:30","slug":"partenaires","status":"publish","type":"page","link":"https:\/\/tempete.cegepgarneau.ca\/index.php\/partenaires\/","title":{"rendered":"Devenez partenaires"},"content":{"rendered":"<p>[et_pb_section fb_built=\u00a0\u00bb1&Prime; _builder_version=\u00a0\u00bb4.27.3&Prime; background_image=\u00a0\u00bbhttps:\/\/tempete.cegepgarneau.ca\/wp-content\/uploads\/2025\/12\/Tempete-sciences_bandeau-web_sans-logo_1.jpg\u00a0\u00bb global_colors_info=\u00a0\u00bb{}\u00a0\u00bb][et_pb_row _builder_version=\u00a0\u00bb4.16&Prime; background_size=\u00a0\u00bbinitial\u00a0\u00bb background_position=\u00a0\u00bbtop_left\u00a0\u00bb background_repeat=\u00a0\u00bbrepeat\u00a0\u00bb global_colors_info=\u00a0\u00bb{}\u00a0\u00bb][et_pb_column type=\u00a0\u00bb4_4&Prime; _builder_version=\u00a0\u00bb4.16&Prime; custom_padding=\u00a0\u00bb|||\u00a0\u00bb global_colors_info=\u00a0\u00bb{}\u00a0\u00bb custom_padding__hover=\u00a0\u00bb|||\u00a0\u00bb][\/et_pb_column][\/et_pb_row][\/et_pb_section][et_pb_section fb_built=\u00a0\u00bb1&Prime; _builder_version=\u00a0\u00bb4.16&Prime; global_colors_info=\u00a0\u00bb{}\u00a0\u00bb][et_pb_row column_structure=\u00a0\u00bb1_3,2_3&Prime; disabled_on=\u00a0\u00bbon|on|on\u00a0\u00bb _builder_version=\u00a0\u00bb4.16&Prime; background_size=\u00a0\u00bbinitial\u00a0\u00bb background_position=\u00a0\u00bbtop_left\u00a0\u00bb background_repeat=\u00a0\u00bbrepeat\u00a0\u00bb disabled=\u00a0\u00bbon\u00a0\u00bb global_colors_info=\u00a0\u00bb{}\u00a0\u00bb][et_pb_column type=\u00a0\u00bb1_3&Prime; _builder_version=\u00a0\u00bb4.16&Prime; custom_padding=\u00a0\u00bb|||\u00a0\u00bb global_colors_info=\u00a0\u00bb{}\u00a0\u00bb custom_padding__hover=\u00a0\u00bb|||\u00a0\u00bb][et_pb_text _builder_version=\u00a0\u00bb4.16&Prime; border_style=\u00a0\u00bbsolid\u00a0\u00bb inline_fonts=\u00a0\u00bbLato\u00a0\u00bb global_colors_info=\u00a0\u00bb{}\u00a0\u00bb]<\/p>\n<h1><strong>Bonnes raisons de s\u2019associer \u00e0 la Temp\u00eate des sciences<\/strong><\/h1>\n<p>[\/et_pb_text][\/et_pb_column][et_pb_column type=\u00a0\u00bb2_3&Prime; _builder_version=\u00a0\u00bb4.16&Prime; custom_padding=\u00a0\u00bb|||\u00a0\u00bb global_colors_info=\u00a0\u00bb{}\u00a0\u00bb custom_padding__hover=\u00a0\u00bb|||\u00a0\u00bb][et_pb_text _builder_version=\u00a0\u00bb4.16&Prime; global_colors_info=\u00a0\u00bb{}\u00a0\u00bb]Faire d\u00e9couvrir les <strong>produits ou services<\/strong> commercialis\u00e9s par votre entreprise ou organisme;<br \/>\n[\/et_pb_text][et_pb_text _builder_version=\u00a0\u00bb4.16&Prime; global_colors_info=\u00a0\u00bb{}\u00a0\u00bb]Faire conna\u00eetre la nature des activit\u00e9s de votre entreprise ou organisme afin d&rsquo;attirer, \u00e0 moyen terme, une <strong>main-d&rsquo;\u0153uvre<\/strong> sp\u00e9cialis\u00e9e en sciences ou en g\u00e9nie;<br \/>\n[\/et_pb_text][et_pb_text _builder_version=\u00a0\u00bb4.16&Prime; global_colors_info=\u00a0\u00bb{}\u00a0\u00bb]Profiter d\u2019une <strong>opportunit\u00e9 de r\u00e9seautage<\/strong> aupr\u00e8s des collaborateurs et partenaires;<br \/>\n[\/et_pb_text][et_pb_text _builder_version=\u00a0\u00bb4.16&Prime; global_colors_info=\u00a0\u00bb{}\u00a0\u00bb]Participer \u00e0 la<strong> promotion des carri\u00e8res scientifiques<\/strong> et favoriser la pers\u00e9v\u00e9rance aux \u00e9tudes sup\u00e9rieures \u00e0 titre d&rsquo;implication dans la communaut\u00e9 et la soci\u00e9t\u00e9.<br \/>\n[\/et_pb_text][\/et_pb_column][\/et_pb_row][et_pb_row column_structure=\u00a0\u00bb2_3,1_3&Prime; _builder_version=\u00a0\u00bb4.16&Prime; background_size=\u00a0\u00bbinitial\u00a0\u00bb background_position=\u00a0\u00bbtop_left\u00a0\u00bb background_repeat=\u00a0\u00bbrepeat\u00a0\u00bb global_colors_info=\u00a0\u00bb{}\u00a0\u00bb][et_pb_column type=\u00a0\u00bb2_3&Prime; _builder_version=\u00a0\u00bb4.16&Prime; custom_padding=\u00a0\u00bb|||\u00a0\u00bb global_colors_info=\u00a0\u00bb{}\u00a0\u00bb custom_padding__hover=\u00a0\u00bb|||\u00a0\u00bb][et_pb_text admin_label=\u00a0\u00bbTitre raisons s&rsquo;associer\u00a0\u00bb _builder_version=\u00a0\u00bb4.16&Prime; border_style=\u00a0\u00bbsolid\u00a0\u00bb inline_fonts=\u00a0\u00bbLato\u00a0\u00bb global_colors_info=\u00a0\u00bb{}\u00a0\u00bb]<\/p>\n<h1>Bonnes <strong>raisons de s\u2019associer<\/strong><br \/>\n\u00e0 la Temp\u00eate des sciences<\/h1>\n<p>[\/et_pb_text][et_pb_text _builder_version=\u00a0\u00bb4.16&Prime; global_colors_info=\u00a0\u00bb{}\u00a0\u00bb]Faire d\u00e9couvrir les <strong>produits ou services<\/strong> commercialis\u00e9s par votre entreprise ou organisme;<br \/>\n[\/et_pb_text][et_pb_text _builder_version=\u00a0\u00bb4.16&Prime; global_colors_info=\u00a0\u00bb{}\u00a0\u00bb]Faire conna\u00eetre la nature des activit\u00e9s de votre entreprise ou organisme afin d&rsquo;attirer, \u00e0 moyen terme, une <strong>main-d&rsquo;\u0153uvre<\/strong> sp\u00e9cialis\u00e9e en sciences ou en g\u00e9nie;<br \/>\n[\/et_pb_text][et_pb_text _builder_version=\u00a0\u00bb4.16&Prime; global_colors_info=\u00a0\u00bb{}\u00a0\u00bb]Profiter d\u2019une <strong>opportunit\u00e9 de r\u00e9seautage<\/strong> aupr\u00e8s des collaborateurs et partenaires;<br \/>\n[\/et_pb_text][et_pb_text _builder_version=\u00a0\u00bb4.16&Prime; global_colors_info=\u00a0\u00bb{}\u00a0\u00bb]Participer \u00e0 la<strong> promotion des carri\u00e8res scientifiques<\/strong> et favoriser la pers\u00e9v\u00e9rance aux \u00e9tudes sup\u00e9rieures \u00e0 titre d&rsquo;implication dans la communaut\u00e9 et la soci\u00e9t\u00e9.<br \/>\n[\/et_pb_text][\/et_pb_column][et_pb_column type=\u00a0\u00bb1_3&Prime; _builder_version=\u00a0\u00bb4.16&Prime; custom_padding=\u00a0\u00bb|||\u00a0\u00bb global_colors_info=\u00a0\u00bb{}\u00a0\u00bb custom_padding__hover=\u00a0\u00bb|||\u00a0\u00bb][et_pb_text admin_label=\u00a0\u00bbPartenaires recherch\u00e9s\u00a0\u00bb _builder_version=\u00a0\u00bb4.16&Prime; border_style=\u00a0\u00bbsolid\u00a0\u00bb global_colors_info=\u00a0\u00bb{}\u00a0\u00bb]<\/p>\n<h1><strong>Partenaires recherch\u00e9s<\/strong><\/h1>\n<p>[\/et_pb_text][et_pb_text _builder_version=\u00a0\u00bb4.16&Prime; border_style=\u00a0\u00bbsolid\u00a0\u00bb global_colors_info=\u00a0\u00bb{}\u00a0\u00bb]<\/p>\n<ul>\n<li>Principal (8 000 $ et plus)<\/li>\n<li>Majeurs (4 000 $ et plus)<\/li>\n<li>Secondaires (1 500 $ et plus)<\/li>\n<li>Associ\u00e9s (650 $ et plus)<\/li>\n<\/ul>\n<p><strong><a href=\"https:\/\/tempete.cegepgarneau.ca\/wp-content\/uploads\/2025\/09\/Tempete-des-sciences_plan-de-visibilite-2026.pdf\" target=\"_blank\" rel=\"noopener\">R\u00e9sum\u00e9 de la visibilit\u00e9 que nous vous r\u00e9servons\u00a0<\/a>\u00bb<\/strong><\/p>\n<p>[\/et_pb_text][et_pb_text admin_label=\u00a0\u00bbContactez-nous\u00a0\u00bb _builder_version=\u00a0\u00bb4.16&Prime; background_color=\u00a0\u00bb#000000&Prime; text_orientation=\u00a0\u00bbcenter\u00a0\u00bb background_layout=\u00a0\u00bbdark\u00a0\u00bb module_alignment=\u00a0\u00bbcenter\u00a0\u00bb custom_padding=\u00a0\u00bb20px||20px|\u00a0\u00bb border_style=\u00a0\u00bbsolid\u00a0\u00bb global_colors_info=\u00a0\u00bb{}\u00a0\u00bb]<\/p>\n<h3 style=\"text-align: center;\"><a href=\"mailto:tds@cegepgarneau.ca\"><strong>Communiquez avec nous!<\/strong><\/a><\/h3>\n<p>[\/et_pb_text][\/et_pb_column][\/et_pb_row][\/et_pb_section][et_pb_section fb_built=\u00a0\u00bb1&Prime; _builder_version=\u00a0\u00bb4.16&Prime; global_colors_info=\u00a0\u00bb{}\u00a0\u00bb][et_pb_row _builder_version=\u00a0\u00bb4.16&Prime; background_size=\u00a0\u00bbinitial\u00a0\u00bb background_position=\u00a0\u00bbtop_left\u00a0\u00bb background_repeat=\u00a0\u00bbrepeat\u00a0\u00bb global_colors_info=\u00a0\u00bb{}\u00a0\u00bb][et_pb_column type=\u00a0\u00bb4_4&Prime; _builder_version=\u00a0\u00bb4.16&Prime; custom_padding=\u00a0\u00bb|||\u00a0\u00bb global_colors_info=\u00a0\u00bb{}\u00a0\u00bb custom_padding__hover=\u00a0\u00bb|||\u00a0\u00bb][et_pb_text _builder_version=\u00a0\u00bb4.16&Prime; border_style=\u00a0\u00bbsolid\u00a0\u00bb global_colors_info=\u00a0\u00bb{}\u00a0\u00bb]<\/p>\n<h1><strong>Zones de visibilit\u00e9 strat\u00e9giques<\/strong><\/h1>\n<p>[\/et_pb_text][et_pb_accordion _builder_version=\u00a0\u00bb4.27.3&Prime; hover_enabled=\u00a0\u00bb0&Prime; border_style=\u00a0\u00bbsolid\u00a0\u00bb global_colors_info=\u00a0\u00bb{}\u00a0\u00bb sticky_enabled=\u00a0\u00bb0&Prime;][et_pb_accordion_item title=\u00a0\u00bbSalon des exposants\u00a0\u00bb open=\u00a0\u00bbon\u00a0\u00bb _builder_version=\u00a0\u00bb4.27.3&Prime; background_size=\u00a0\u00bbinitial\u00a0\u00bb background_position=\u00a0\u00bbtop_left\u00a0\u00bb background_repeat=\u00a0\u00bbrepeat\u00a0\u00bb hover_enabled=\u00a0\u00bb0&Prime; global_colors_info=\u00a0\u00bb{}\u00a0\u00bb sticky_enabled=\u00a0\u00bb0&Prime;]<\/p>\n<p>&nbsp;<\/p>\n<p>Le salon des exposants est l\u2019endroit unique pour discuter avec les \u00e9tudiantes et \u00e9tudiants de Sciences de la nature du C\u00e9gep Garneau afin de leur faire conna\u00eetre votre organisme ou entreprise et de leur pr\u00e9senter les possibilit\u00e9s qui s\u2019offrent \u00e0 eux apr\u00e8s leurs \u00e9tudes coll\u00e9giales. Ainsi, vous pourrez vous entretenir avec eux pour leur faire voir les diff\u00e9rentes possibilit\u00e9s d\u2019emploi ou encore les diff\u00e9rents programmes d\u2019\u00e9tudes possibles apr\u00e8s leur parcours coll\u00e9gial.<\/p>\n<p>Client\u00e8le cibl\u00e9e : 600 \u00e9tudiantes et \u00e9tudiants en Sciences de la nature, 100 professeurs b\u00e9n\u00e9voles, 30 personnes participantes invit\u00e9es, 75 collaborateurs (conf\u00e9renciers, exposants partenaires financiers).<\/p>\n<p>[\/et_pb_accordion_item][et_pb_accordion_item title=\u00a0\u00bbCentre sportif\u00a0\u00bb _builder_version=\u00a0\u00bb4.16&Prime; background_size=\u00a0\u00bbinitial\u00a0\u00bb background_position=\u00a0\u00bbtop_left\u00a0\u00bb background_repeat=\u00a0\u00bbrepeat\u00a0\u00bb global_colors_info=\u00a0\u00bb{}\u00a0\u00bb open=\u00a0\u00bboff\u00a0\u00bb]&nbsp;<\/p>\n<p>Le Centre sportif sera le lieu n\u00e9vralgique de la Temp\u00eate. Il sera transform\u00e9 en amphith\u00e9\u00e2tre pour recevoir la c\u00e9r\u00e9monie d\u2019ouverture \u00e0 laquelle assisteront tous les participants ainsi que la grande conf\u00e9rence offerte aux \u00e9l\u00e8ves de 3\u1d49 et 4\u1d49 secondaire de la r\u00e9gion de Qu\u00e9bec. Ainsi, toutes les personnes rejointes de pr\u00e8s ou de loin par l\u2019\u00e9v\u00e9nement seront en contact direct avec les affiches, vid\u00e9os et autres activit\u00e9s promotionnelles li\u00e9es \u00e0 l\u2019amphith\u00e9\u00e2tre.<\/p>\n<p>Client\u00e8les cibl\u00e9es :<\/p>\n<p>Volet coll\u00e9gial\u00a0: 600 \u00e9tudiants en Sciences de la nature, 100 professeurs b\u00e9n\u00e9voles, 30 participants invit\u00e9s, 75\u00a0collaborateurs\u00a0(conf\u00e9renciers, exposants, partenaires financiers).<br \/>\n[\/et_pb_accordion_item][et_pb_accordion_item title=\u00a0\u00bbCaf\u00e9t\u00e9ria\u00a0\u00bb _builder_version=\u00a0\u00bb4.16&Prime; background_size=\u00a0\u00bbinitial\u00a0\u00bb background_position=\u00a0\u00bbtop_left\u00a0\u00bb background_repeat=\u00a0\u00bbrepeat\u00a0\u00bb global_colors_info=\u00a0\u00bb{}\u00a0\u00bb open=\u00a0\u00bboff\u00a0\u00bb]&nbsp;<\/p>\n<p>Lors du d\u00eener des participants (\u00e9tudiants et autres participants invit\u00e9s), la caf\u00e9t\u00e9ria sera un lieu de rencontre et de divertissement. C\u2019est l\u2019occasion de mettre de l\u2019avant votre entreprise ou certains produits alimentaires de fa\u00e7on dynamique, et ce, dans une ambiance festive. Nous pouvons vous offrir de multiples fa\u00e7ons personnalis\u00e9es de rejoindre les participants (d\u00e9gustations, napperons, d\u00e9corations, etc.).<\/p>\n<p>Client\u00e8le cibl\u00e9e : 600 \u00e9tudiants en Sciences de la nature, 30 participants invit\u00e9s.<br \/>\n[\/et_pb_accordion_item][et_pb_accordion_item title=\u00a0\u00bbEspace collaborateurs\u00a0\u00bb _builder_version=\u00a0\u00bb4.16&Prime; background_size=\u00a0\u00bbinitial\u00a0\u00bb background_position=\u00a0\u00bbtop_left\u00a0\u00bb background_repeat=\u00a0\u00bbrepeat\u00a0\u00bb global_colors_info=\u00a0\u00bb{}\u00a0\u00bb open=\u00a0\u00bboff\u00a0\u00bb]L\u2019Espace collaborateur est une pi\u00e8ce sp\u00e9cialement am\u00e9nag\u00e9e pour recevoir tous les collaborateurs de la Temp\u00eate\u00a0: conf\u00e9renciers, exposants, partenaires, invit\u00e9s de marque et professeurs b\u00e9n\u00e9voles, pendant toute la dur\u00e9e de l\u2019\u00e9v\u00e9nement. Cet espace accueillera tour \u00e0 tour les pauses-caf\u00e9, le d\u00eener et le cocktail de r\u00e9seautage.<\/p>\n<p>Client\u00e8le cibl\u00e9e : 100 professeurs b\u00e9n\u00e9voles et 75\u00a0collaborateurs\u00a0(conf\u00e9renciers, exposants partenaires financiers).<br \/>\n[\/et_pb_accordion_item][\/et_pb_accordion][et_pb_text _builder_version=\u00a0\u00bb4.16&Prime; border_style=\u00a0\u00bbsolid\u00a0\u00bb global_colors_info=\u00a0\u00bb{}\u00a0\u00bb]<em>Le Plan de visibilit\u00e9 d\u00e9cline toutes les possibilit\u00e9s de partenariat dans les zones strat\u00e9giques du colloque (Salon des exposants, Espace collaborateurs, Amphith\u00e9\u00e2tre du Centre sportif et Caf\u00e9t\u00e9ria). <\/em><em>Pour recevoir le Plan de visibilit\u00e9 <strong><a href=\"mailto:tds@cegepgarneau.ca\">contactez-nous \u00bb<\/a><\/strong><\/em><br \/>\n[\/et_pb_text][\/et_pb_column][\/et_pb_row][\/et_pb_section][et_pb_section fb_built=\u00a0\u00bb1&Prime; _builder_version=\u00a0\u00bb4.16&Prime; global_colors_info=\u00a0\u00bb{}\u00a0\u00bb][et_pb_row _builder_version=\u00a0\u00bb4.16&Prime; background_size=\u00a0\u00bbinitial\u00a0\u00bb background_position=\u00a0\u00bbtop_left\u00a0\u00bb background_repeat=\u00a0\u00bbrepeat\u00a0\u00bb global_colors_info=\u00a0\u00bb{}\u00a0\u00bb][et_pb_column type=\u00a0\u00bb4_4&Prime; _builder_version=\u00a0\u00bb4.16&Prime; custom_padding=\u00a0\u00bb|||\u00a0\u00bb global_colors_info=\u00a0\u00bb{}\u00a0\u00bb custom_padding__hover=\u00a0\u00bb|||\u00a0\u00bb][et_pb_text admin_label=\u00a0\u00bbTexte FAQ\u00a0\u00bb _builder_version=\u00a0\u00bb4.16&Prime; border_style=\u00a0\u00bbsolid\u00a0\u00bb global_colors_info=\u00a0\u00bb{}\u00a0\u00bb]<\/p>\n<h1><strong>Foire aux questions (FAQ)<\/strong><\/h1>\n<p>[\/et_pb_text][et_pb_accordion admin_label=\u00a0\u00bbAccord\u00e9on FAQ\u00a0\u00bb _builder_version=\u00a0\u00bb4.16&Prime; border_style=\u00a0\u00bbsolid\u00a0\u00bb global_colors_info=\u00a0\u00bb{}\u00a0\u00bb][et_pb_accordion_item title=\u00a0\u00bbJe serai exposant au Salon des exposants, est-ce que je pourrai assister \u00e0 la conf\u00e9rence d\u2019ouverture?\u00a0\u00bb open=\u00a0\u00bbon\u00a0\u00bb _builder_version=\u00a0\u00bb4.16&Prime; global_colors_info=\u00a0\u00bb{}\u00a0\u00bb] Bien s\u00fbr\u2026 Nous pr\u00e9voyons de la s\u00e9curit\u00e9 pour surveiller votre mat\u00e9riel pendant la pr\u00e9sentation. [\/et_pb_accordion_item][et_pb_accordion_item title=\u00a0\u00bbJe serai exposant au Salon des exposants, est-ce que vous fournissez le mat\u00e9riel n\u00e9cessaire \u00e0 la tenue de mon kiosque?\u00a0\u00bb _builder_version=\u00a0\u00bb4.16&Prime; global_colors_info=\u00a0\u00bb{}\u00a0\u00bb open=\u00a0\u00bboff\u00a0\u00bb] Bien s\u00fbr\u2026 Nous vous ferons remplir un document o\u00f9 vous pourrez nous faire part de vos besoins. [\/et_pb_accordion_item][et_pb_accordion_item title=\u00a0\u00bbJe serai conf\u00e9rencier (ou exposant), est-ce que vous fournissez le d\u00eener?\u00a0\u00bb _builder_version=\u00a0\u00bb4.16&Prime; global_colors_info=\u00a0\u00bb{}\u00a0\u00bb open=\u00a0\u00bboff\u00a0\u00bb] Oui, nous fournissons le d\u00eener \u00e0 l\u2019espace collaborateur (pour 2 personnes par kiosque et pour tous les conf\u00e9renciers). [\/et_pb_accordion_item][et_pb_accordion_item title=\u00a0\u00bbJe serai exposant au Salon des exposants, est-ce que je pourrai installer mon mat\u00e9riel \u00e0 l&rsquo;avance?\u00a0\u00bb _builder_version=\u00a0\u00bb4.16&Prime; global_colors_info=\u00a0\u00bb{}\u00a0\u00bb open=\u00a0\u00bboff\u00a0\u00bb] Oui, cela sera possible le soir pr\u00e9c\u00e9dant le colloque. [\/et_pb_accordion_item][et_pb_accordion_item title=\u00a0\u00bbJe serai exposant au Salon des exposants, j\u2019aurais un conf\u00e9rencier \u00e0 sugg\u00e9rer, est-ce possible?\u00a0\u00bb _builder_version=\u00a0\u00bb4.16&Prime; global_colors_info=\u00a0\u00bb{}\u00a0\u00bb open=\u00a0\u00bboff\u00a0\u00bb]Oui, veuillez contacter le responsable des conf\u00e9rences, monsieur Ren\u00e9 Lepage au 418-688-8310, poste 3829 ou<br \/>\n<a href=\"mailto:rlepage@cegepgarneau.ca\">rlepage@cegepgarneau.ca<\/a><br \/>\n[\/et_pb_accordion_item][et_pb_accordion_item title=\u00a0\u00bbEst-ce que j\u2019aurai acc\u00e8s \u00e0 un r\u00e9seau Internet?\u00a0\u00bb _builder_version=\u00a0\u00bb4.16&Prime; global_colors_info=\u00a0\u00bb{}\u00a0\u00bb open=\u00a0\u00bboff\u00a0\u00bb]Oui, vous devez nous en informer et nous pourrons vous fournir un acc\u00e8s filaire.<br \/>\n[\/et_pb_accordion_item][et_pb_accordion_item title=\u00a0\u00bbEst-il possible de faire livrer le mat\u00e9riel d\u2019avance?\u00a0\u00bb _builder_version=\u00a0\u00bb4.16&Prime; global_colors_info=\u00a0\u00bb{}\u00a0\u00bb open=\u00a0\u00bboff\u00a0\u00bb] Oui, nous pouvons prendre entente \u00e0 ce sujet. [\/et_pb_accordion_item][et_pb_accordion_item title=\u00a0\u00bbQuelles sont les heures de visite du salon des exposants?\u00a0\u00bb _builder_version=\u00a0\u00bb4.16&Prime; global_colors_info=\u00a0\u00bb{}\u00a0\u00bb open=\u00a0\u00bboff\u00a0\u00bb]Il y aura 3 blocs : 11 h \u00e0 12 h, 13 h 30 \u00e0 14 h 30 et 14 h 45 \u00e0 15 h 45.<br \/>\n[\/et_pb_accordion_item][\/et_pb_accordion][\/et_pb_column][\/et_pb_row][\/et_pb_section]<\/p>\n","protected":false},"excerpt":{"rendered":"<p>Bonnes raisons de s\u2019associer \u00e0 la Temp\u00eate des sciences Faire d\u00e9couvrir les produits ou services commercialis\u00e9s par votre entreprise ou organisme; Faire conna\u00eetre la nature des activit\u00e9s de votre entreprise ou organisme afin d&rsquo;attirer, \u00e0 moyen terme, une main-d&rsquo;\u0153uvre sp\u00e9cialis\u00e9e en sciences ou en g\u00e9nie; Profiter d\u2019une opportunit\u00e9 de r\u00e9seautage aupr\u00e8s des collaborateurs et partenaires; [&hellip;]<\/p>\n","protected":false},"author":1,"featured_media":0,"parent":0,"menu_order":0,"comment_status":"closed","ping_status":"closed","template":"","meta":{"_et_pb_use_builder":"on","_et_pb_old_content":"","_et_gb_content_width":"","_monsterinsights_skip_tracking":false,"_monsterinsights_sitenote_active":false,"_monsterinsights_sitenote_note":"","_monsterinsights_sitenote_category":0,"footnotes":""},"class_list":["post-84","page","type-page","status-publish","hentry"],"_links":{"self":[{"href":"https:\/\/tempete.cegepgarneau.ca\/index.php\/wp-json\/wp\/v2\/pages\/84","targetHints":{"allow":["GET"]}}],"collection":[{"href":"https:\/\/tempete.cegepgarneau.ca\/index.php\/wp-json\/wp\/v2\/pages"}],"about":[{"href":"https:\/\/tempete.cegepgarneau.ca\/index.php\/wp-json\/wp\/v2\/types\/page"}],"author":[{"embeddable":true,"href":"https:\/\/tempete.cegepgarneau.ca\/index.php\/wp-json\/wp\/v2\/users\/1"}],"replies":[{"embeddable":true,"href":"https:\/\/tempete.cegepgarneau.ca\/index.php\/wp-json\/wp\/v2\/comments?post=84"}],"version-history":[{"count":76,"href":"https:\/\/tempete.cegepgarneau.ca\/index.php\/wp-json\/wp\/v2\/pages\/84\/revisions"}],"predecessor-version":[{"id":1130,"href":"https:\/\/tempete.cegepgarneau.ca\/index.php\/wp-json\/wp\/v2\/pages\/84\/revisions\/1130"}],"wp:attachment":[{"href":"https:\/\/tempete.cegepgarneau.ca\/index.php\/wp-json\/wp\/v2\/media?parent=84"}],"curies":[{"name":"wp","href":"https:\/\/api.w.org\/{rel}","templated":true}]}}